{"id":4857,"date":"2024-02-19T20:52:30","date_gmt":"2024-02-19T20:52:30","guid":{"rendered":"https:\/\/www.montedomalhao.pt\/politica-de-privacidad\/"},"modified":"2024-11-13T16:22:28","modified_gmt":"2024-11-13T16:22:28","slug":"politica-de-privacidad","status":"publish","type":"page","link":"https:\/\/www.montedomalhao.pt\/es\/politica-de-privacidad\/","title":{"rendered":"Pol\u00edtica de Privacidad"},"content":{"rendered":"\t\t<div data-elementor-type=\"wp-page\" data-elementor-id=\"4857\" class=\"elementor elementor-4857 elementor-733\" data-elementor-post-type=\"page\">\n\t\t\t\t\t\t<section class=\"elementor-section elementor-top-section elementor-element elementor-element-2deb1895 elementor-section-boxed elementor-section-height-default elementor-section-height-default\" data-id=\"2deb1895\" data-element_type=\"section\" data-e-type=\"section\" data-settings=\"{&quot;background_background&quot;:&quot;classic&quot;}\">\n\t\t\t\t\t\t\t<div class=\"elementor-background-overlay\"><\/div>\n\t\t\t\t\t\t\t<div class=\"elementor-container elementor-column-gap-default\">\n\t\t\t\t\t<div class=\"elementor-column elementor-col-100 elementor-top-column elementor-element elementor-element-674f8520\" data-id=\"674f8520\" data-element_type=\"column\" data-e-type=\"column\">\n\t\t\t<div class=\"elementor-widget-wrap elementor-element-populated\">\n\t\t\t\t\t\t<div class=\"elementor-element elementor-element-a163080 elementor-widget elementor-widget-spacer\" data-id=\"a163080\" data-element_type=\"widget\" data-e-type=\"widget\" data-widget_type=\"spacer.default\">\n\t\t\t\t<div class=\"elementor-widget-container\">\n\t\t\t\t\t\t\t<div class=\"elementor-spacer\">\n\t\t\t<div class=\"elementor-spacer-inner\"><\/div>\n\t\t<\/div>\n\t\t\t\t\t\t<\/div>\n\t\t\t\t<\/div>\n\t\t\t\t<div class=\"elementor-element elementor-element-6335e529 elementor-widget elementor-widget-heading\" data-id=\"6335e529\" data-element_type=\"widget\" data-e-type=\"widget\" data-widget_type=\"heading.default\">\n\t\t\t\t<div class=\"elementor-widget-container\">\n\t\t\t\t\t<h2 class=\"elementor-heading-title elementor-size-default\">Pol\u00edtica de Privacidad<\/h2>\t\t\t\t<\/div>\n\t\t\t\t<\/div>\n\t\t\t\t\t<\/div>\n\t\t<\/div>\n\t\t\t\t\t<\/div>\n\t\t<\/section>\n\t\t<div class=\"elementor-element elementor-element-f2d25ce e-flex e-con-boxed e-con e-parent\" data-id=\"f2d25ce\" data-element_type=\"container\" data-e-type=\"container\">\n\t\t\t\t\t<div class=\"e-con-inner\">\n\t\t\t\t<div class=\"elementor-element elementor-element-737c02a elementor-widget elementor-widget-heading\" data-id=\"737c02a\" data-element_type=\"widget\" data-e-type=\"widget\" data-widget_type=\"heading.default\">\n\t\t\t\t<div class=\"elementor-widget-container\">\n\t\t\t\t\t<h2 class=\"elementor-heading-title elementor-size-default\">\u00bfQui\u00e9nes somos?<\/h2>\t\t\t\t<\/div>\n\t\t\t\t<\/div>\n\t\t\t\t<div class=\"elementor-element elementor-element-f6480d5 elementor-widget elementor-widget-text-editor\" data-id=\"f6480d5\" data-element_type=\"widget\" data-e-type=\"widget\" data-widget_type=\"text-editor.default\">\n\t\t\t\t<div class=\"elementor-widget-container\">\n\t\t\t\t\t\t\t\t\t<p><strong>Monte do Malh\u00e3o<\/strong> se compromete a respetar la privacidad de los usuarios y la protecci\u00f3n y seguridad de sus datos personales. El usuario garantiza que es mayor de edad y que los datos facilitados son verdaderos, exactos, completos y actuales, siendo responsable de cualquier incumplimiento. En el caso de que los datos comunicados pertenezcan a un tercero, el usuario garantiza que ha informado al tercero de las condiciones establecidas en este documento y que ha obtenido su autorizaci\u00f3n para facilitar sus datos a <strong>Monte do Malh\u00e3o<\/strong> para los fines indicados.  <\/p>\n\t\t\t\t\t\t\t\t<\/div>\n\t\t\t\t<\/div>\n\t\t\t\t<div class=\"elementor-element elementor-element-4cd05c5 elementor-widget elementor-widget-heading\" data-id=\"4cd05c5\" data-element_type=\"widget\" data-e-type=\"widget\" data-widget_type=\"heading.default\">\n\t\t\t\t<div class=\"elementor-widget-container\">\n\t\t\t\t\t<h2 class=\"elementor-heading-title elementor-size-default\">\u00c1mbito de aplicaci\u00f3n y responsable del tratamiento<\/h2>\t\t\t\t<\/div>\n\t\t\t\t<\/div>\n\t\t\t\t<div class=\"elementor-element elementor-element-d14991a elementor-widget elementor-widget-text-editor\" data-id=\"d14991a\" data-element_type=\"widget\" data-e-type=\"widget\" data-widget_type=\"text-editor.default\">\n\t\t\t\t<div class=\"elementor-widget-container\">\n\t\t\t\t\t\t\t\t\tEsta pol\u00edtica de privacidad se aplica a todos los datos personales recogidos a trav\u00e9s de los formularios del sitio web <a style=\"color: #8d9376;\" href=\"http:\/\/www.montedomalhao.pt\/\">www.montedomalhao.pt<\/a>. La organizaci\u00f3n responsable del tratamiento de estos datos es: Delaurent, Lda, con domicilio social en S\u00edtio do Malh\u00e3o Cx Pt 272 8950-191 Castro Marim, cuyo n\u00famero de persona jur\u00eddica es: 509106811. Puede ponerse en contacto con Delaurent, Lda para cualquier asunto relacionado con esta pol\u00edtica de privacidad, indicando como asunto \u00abDelaurent, lda &#8211; Privacidad de los datos personales\u00bb y a trav\u00e9s de los siguientes puntos de contacto: \n\n\n<ul>\n \t<li><strong>Direcci\u00f3n postal<\/strong>: S\u00edtio do Malh\u00e3o Cx Pt 272 8950-191 Castro Marim<\/li>\n \t<li><strong>Endere\u00e7o de Correio Eletr\u00f3nico:<\/strong> <a href=\"mailto:info@montedomalhao.pt\" style=\"color: #8d9376;\">info@montedomalhao.pt<\/a><\/strong>\n&gt;<\/li>\n<\/ul>\t\t\t\t\t\t\t\t<\/div>\n\t\t\t\t<\/div>\n\t\t\t\t<div class=\"elementor-element elementor-element-6e2b52d elementor-widget elementor-widget-heading\" data-id=\"6e2b52d\" data-element_type=\"widget\" data-e-type=\"widget\" data-widget_type=\"heading.default\">\n\t\t\t\t<div class=\"elementor-widget-container\">\n\t\t\t\t\t<h2 class=\"elementor-heading-title elementor-size-default\">Fines del tratamiento y fundamento jur\u00eddico<\/h2>\t\t\t\t<\/div>\n\t\t\t\t<\/div>\n\t\t\t\t<div class=\"elementor-element elementor-element-82cac88 elementor-widget elementor-widget-text-editor\" data-id=\"82cac88\" data-element_type=\"widget\" data-e-type=\"widget\" data-widget_type=\"text-editor.default\">\n\t\t\t\t<div class=\"elementor-widget-container\">\n\t\t\t\t\t\t\t\t\t<p>Os dados pessoais recolhidos atrav\u00e9s dos formul\u00e1rios do site montedomalhao.pt t\u00eam como finalidade possibilitar as seguintes opera\u00e7\u00f5es:<\/p>\n<ul>\n<li>Analizar y responder a los mensajes enviados proactivamente por los usuarios;<\/li>\n<li>Env\u00edo peri\u00f3dico de informaci\u00f3n por correo electr\u00f3nico.<\/li>\n<\/ul>\n\t\t\t\t\t\t\t\t<\/div>\n\t\t\t\t<\/div>\n\t\t\t\t<div class=\"elementor-element elementor-element-15d6528 elementor-widget elementor-widget-heading\" data-id=\"15d6528\" data-element_type=\"widget\" data-e-type=\"widget\" data-widget_type=\"heading.default\">\n\t\t\t\t<div class=\"elementor-widget-container\">\n\t\t\t\t\t<h2 class=\"elementor-heading-title elementor-size-default\">DURACI\u00d3N<\/h2>\t\t\t\t<\/div>\n\t\t\t\t<\/div>\n\t\t\t\t<div class=\"elementor-element elementor-element-0d5b0cb elementor-widget elementor-widget-text-editor\" data-id=\"0d5b0cb\" data-element_type=\"widget\" data-e-type=\"widget\" data-widget_type=\"text-editor.default\">\n\t\t\t\t<div class=\"elementor-widget-container\">\n\t\t\t\t\t\t\t\t\t<p>Los datos recogidos se conservar\u00e1n durante un plazo de 5 a\u00f1os, sin perjuicio de que el responsable pueda conservarlos m\u00e1s all\u00e1 de dicho plazo para el cumplimiento de obligaciones legales o a efectos del archivo hist\u00f3rico de la empresa, aplicando en este \u00faltimo caso las medidas t\u00e9cnicas y organizativas adecuadas.<\/p>\n\t\t\t\t\t\t\t\t<\/div>\n\t\t\t\t<\/div>\n\t\t\t\t<div class=\"elementor-element elementor-element-fd73630 elementor-widget elementor-widget-heading\" data-id=\"fd73630\" data-element_type=\"widget\" data-e-type=\"widget\" data-widget_type=\"heading.default\">\n\t\t\t\t<div class=\"elementor-widget-container\">\n\t\t\t\t\t<h2 class=\"elementor-heading-title elementor-size-default\">DERECHOS DE LOS USUARIOS<\/h2>\t\t\t\t<\/div>\n\t\t\t\t<\/div>\n\t\t\t\t<div class=\"elementor-element elementor-element-7d338bd elementor-widget elementor-widget-text-editor\" data-id=\"7d338bd\" data-element_type=\"widget\" data-e-type=\"widget\" data-widget_type=\"text-editor.default\">\n\t\t\t\t<div class=\"elementor-widget-container\">\n\t\t\t\t\t\t\t\t\t<section class=\"vc_section\">\n<div class=\"vc_row wpb_row vc_row-fluid\">\n<div class=\"wpb_column vc_column_container vc_col-sm-12\">\n<div class=\"vc_column-inner\">\n<div class=\"wpb_wrapper\">\n<div class=\"vc_row wpb_row vc_inner vc_row-fluid vc_custom_1559294318237\">\n<div class=\"wpb_column vc_column_container vc_col-sm-12\">\n<div class=\"vc_column-inner\">\n<div class=\"wpb_wrapper\">\n<div class=\"text-block \">\n<div class=\"simple-text \">\n<p>El usuario tiene derecho a solicitar a Monte do Malh\u00e3o el acceso a los datos personales que le conciernen, as\u00ed como su rectificaci\u00f3n o supresi\u00f3n, y la limitaci\u00f3n del tratamiento en relaci\u00f3n con el usuario, o el derecho a oponerse al tratamiento, as\u00ed como el derecho a la portabilidad de los datos, en los t\u00e9rminos de la legislaci\u00f3n que regula el tratamiento de datos personales.<\/p>\n<p>Para ejercer los derechos mencionados, el usuario puede ponerse en contacto con el responsable del tratamiento en las direcciones indicadas en el n\u00ba 1 de esta pol\u00edtica.<\/p>\n<p>Tambi\u00e9n tiene derecho a presentar una reclamaci\u00f3n ante la Comisi\u00f3n Nacional de Protecci\u00f3n de Datos si considera que se han vulnerado sus derechos sobre sus datos personales.<\/p>\n<\/div>\n<\/div>\n<\/div>\n<\/div>\n<\/div>\n<\/div>\n<\/div>\n<\/div>\n<\/div>\n<\/div>\n<\/section>\n\t\t\t\t\t\t\t\t<\/div>\n\t\t\t\t<\/div>\n\t\t\t\t<div class=\"elementor-element elementor-element-56ae089 elementor-widget elementor-widget-heading\" data-id=\"56ae089\" data-element_type=\"widget\" data-e-type=\"widget\" data-widget_type=\"heading.default\">\n\t\t\t\t<div class=\"elementor-widget-container\">\n\t\t\t\t\t<h2 class=\"elementor-heading-title elementor-size-default\">\u00bfQu\u00e9 informaci\u00f3n recogemos y almacenamos?<\/h2>\t\t\t\t<\/div>\n\t\t\t\t<\/div>\n\t\t\t\t<div class=\"elementor-element elementor-element-deb373c elementor-widget elementor-widget-text-editor\" data-id=\"deb373c\" data-element_type=\"widget\" data-e-type=\"widget\" data-widget_type=\"text-editor.default\">\n\t\t\t\t<div class=\"elementor-widget-container\">\n\t\t\t\t\t\t\t\t\t<p>Monte do Malh\u00e3o se compromete a proteger todos los datos personales de sus clientes. Desde la apertura de nuestra empresa, esta pol\u00edtica siempre ha sido y ser\u00e1 rigurosamente aplicada. <\/p>\n<p>Monte do Malh\u00e3o le permite actualizar y eliminar sus datos personales a trav\u00e9s del Centro de Atenci\u00f3n al Cliente.<\/p>\n<p>Mientras visita nuestro sitio, lo localizamos:<\/p>\n<ul>\n<li><strong>Productos que ha visto: <\/strong>lo utilizaremos, por ejemplo, para mostrar los productos que ha visto recientemente;<\/li>\n<li><strong>Direcci\u00f3n de entrega:<\/strong> le pediremos que nos facilite esta informaci\u00f3n para poder calcular los gastos de env\u00edo antes de realizar el pedido y envi\u00e1rselo.<\/li>\n<\/ul>\n<p>Tambi\u00e9n utilizaremos cookies para hacer un seguimiento del contenido de su cesta mientras navega por nuestro sitio.<\/p>\n<p>Cuando compra\/reserva a trav\u00e9s de nosotros, le pedimos que nos proporcione informaci\u00f3n relevante, como su nombre, direcci\u00f3n de facturaci\u00f3n, direcci\u00f3n de env\u00edo, direcci\u00f3n de correo electr\u00f3nico, n\u00famero de tel\u00e9fono, tarjeta de cr\u00e9dito\/datos de pago.<\/p>\n<p>Utilizaremos esta informaci\u00f3n para fines tales como:<\/p>\n<ul>\n<li>Enviarle informaci\u00f3n sobre su cuenta y su pedido;<\/li>\n<li>Responder a sus peticiones, incluidas devoluciones y reclamaciones;<\/li>\n<li>Procese los pagos y evite el fraude;<\/li>\n<li>Configure su cuenta de cliente;<\/li>\n<li>Para cumplir todas las obligaciones legales que tenemos, como el c\u00e1lculo de impuestos;<\/li>\n<li>Mejorar nuestras ofertas.<\/li>\n<\/ul>\n<p>Por lo general, almacenamos su informaci\u00f3n durante el tiempo que la necesitamos para los fines para los que la recopilamos y utilizamos, y no estamos legalmente obligados a seguir conserv\u00e1ndola. Por ejemplo, almacenaremos la informaci\u00f3n de los pedidos durante diez a\u00f1os a efectos fiscales y contables. Esto incluye su nombre, direcci\u00f3n de correo electr\u00f3nico y direcciones de facturaci\u00f3n y env\u00edo.  <\/p>\n<p>Tambi\u00e9n almacenaremos comentarios u opiniones, si decide enviarlos.<\/p>\n\t\t\t\t\t\t\t\t<\/div>\n\t\t\t\t<\/div>\n\t\t\t\t<div class=\"elementor-element elementor-element-bc633c5 elementor-widget elementor-widget-heading\" data-id=\"bc633c5\" data-element_type=\"widget\" data-e-type=\"widget\" data-widget_type=\"heading.default\">\n\t\t\t\t<div class=\"elementor-widget-container\">\n\t\t\t\t\t<h2 class=\"elementor-heading-title elementor-size-default\">\u00bfQui\u00e9n de nuestro equipo tiene acceso?<\/h2>\t\t\t\t<\/div>\n\t\t\t\t<\/div>\n\t\t\t\t<div class=\"elementor-element elementor-element-aa32bb3 elementor-widget elementor-widget-text-editor\" data-id=\"aa32bb3\" data-element_type=\"widget\" data-e-type=\"widget\" data-widget_type=\"text-editor.default\">\n\t\t\t\t<div class=\"elementor-widget-container\">\n\t\t\t\t\t\t\t\t\t<p>Los miembros de nuestro equipo tienen acceso a la informaci\u00f3n que usted nos facilita. Por ejemplo, los administradores y los directores de tienda pueden acceder a ella: <\/p>\n<ul>\n<li>Informaci\u00f3n de pedidos\/reservas, como qu\u00e9 se compr\u00f3, cu\u00e1ndo se compr\u00f3 e informaci\u00f3n del cliente, como su nombre, direcci\u00f3n de correo electr\u00f3nico e informaci\u00f3n de facturaci\u00f3n y env\u00edo.<\/li>\n<\/ul>\n<p>Los miembros de nuestro equipo tienen acceso a esta informaci\u00f3n para ayudar a completar los pedidos, procesar los reembolsos y ofrecerle ayuda.<\/p>\n\t\t\t\t\t\t\t\t<\/div>\n\t\t\t\t<\/div>\n\t\t\t\t<div class=\"elementor-element elementor-element-df96045 elementor-widget elementor-widget-heading\" data-id=\"df96045\" data-element_type=\"widget\" data-e-type=\"widget\" data-widget_type=\"heading.default\">\n\t\t\t\t<div class=\"elementor-widget-container\">\n\t\t\t\t\t<h2 class=\"elementor-heading-title elementor-size-default\">Pagos<\/h2>\t\t\t\t<\/div>\n\t\t\t\t<\/div>\n\t\t\t\t<div class=\"elementor-element elementor-element-9d54951 elementor-widget elementor-widget-text-editor\" data-id=\"9d54951\" data-element_type=\"widget\" data-e-type=\"widget\" data-widget_type=\"text-editor.default\">\n\t\t\t\t<div class=\"elementor-widget-container\">\n\t\t\t\t\t\t\t\t\t<p>Aceptamos pagos a trav\u00e9s de PayPal. Al realizar pagos, algunos de sus datos se transmitir\u00e1n a PayPal, incluida la informaci\u00f3n necesaria para procesar o respaldar el pago, como el total de la compra y la informaci\u00f3n de facturaci\u00f3n. <\/p>\n<p>Para m\u00e1s informaci\u00f3n, consulte la <a style=\"color: #8d9376;\" href=\"https:\/\/www.paypal.com\/pt\/webapps\/mpp\/ua\/privacy-full\" target=\"_blank\" rel=\"noopener noreferrer\">Pol\u00edtica de Privacidad<\/a>.<\/p>\n\t\t\t\t\t\t\t\t<\/div>\n\t\t\t\t<\/div>\n\t\t\t\t\t<\/div>\n\t\t\t\t<\/div>\n\t\t\t\t<\/div>\n\t\t","protected":false},"excerpt":{"rendered":"<p>Pol\u00edtica de Privacidad \u00bfQui\u00e9nes somos? Monte do Malh\u00e3o se compromete a respetar la privacidad de los usuarios y la protecci\u00f3n y seguridad de sus datos personales. El usuario garantiza que es mayor de edad y que los datos facilitados son verdaderos, exactos, completos y actuales, siendo responsable de cualquier incumplimiento. En el caso de que [&hellip;]<\/p>\n","protected":false},"author":1,"featured_media":0,"parent":0,"menu_order":0,"comment_status":"closed","ping_status":"closed","template":"elementor_header_footer","meta":{"footnotes":""},"class_list":["post-4857","page","type-page","status-publish","hentry"],"yoast_head":"<!-- This site is optimized with the Yoast SEO plugin v27.5 - https:\/\/yoast.com\/product\/yoast-seo-wordpress\/ -->\n<title>Pol\u00edtica de Privacidad - Monte do Malh\u00e3o<\/title>\n<meta name=\"description\" content=\"Nos comprometemos a proteger su informaci\u00f3n personal y a garantizar su seguridad durante su visita a nuestro sitio.\" \/>\n<meta name=\"robots\" content=\"index, follow, max-snippet:-1, max-image-preview:large, max-video-preview:-1\" \/>\n<link rel=\"canonical\" href=\"https:\/\/www.montedomalhao.pt\/politica-de-privacidade\/\" \/>\n<meta property=\"og:locale\" content=\"es_ES\" \/>\n<meta property=\"og:type\" content=\"article\" \/>\n<meta property=\"og:title\" content=\"Pol\u00edtica de Privacidad - Monte do Malh\u00e3o\" \/>\n<meta property=\"og:description\" content=\"Nos comprometemos a proteger su informaci\u00f3n personal y a garantizar su seguridad durante su visita a nuestro sitio.\" \/>\n<meta property=\"og:url\" content=\"https:\/\/www.montedomalhao.pt\/politica-de-privacidade\/\" \/>\n<meta property=\"og:site_name\" content=\"Monte do Malh\u00e3o\" \/>\n<meta property=\"article:modified_time\" content=\"2024-11-13T16:22:28+00:00\" \/>\n<meta property=\"og:image\" content=\"https:\/\/www.montedomalhao.pt\/wp-content\/uploads\/2024\/02\/Monte_do_Malhao-logo.png\" \/>\n\t<meta property=\"og:image:width\" content=\"498\" \/>\n\t<meta property=\"og:image:height\" content=\"222\" \/>\n\t<meta property=\"og:image:type\" content=\"image\/png\" \/>\n<meta name=\"twitter:card\" content=\"summary_large_image\" \/>\n<meta name=\"twitter:label1\" content=\"Tiempo de lectura\" \/>\n\t<meta name=\"twitter:data1\" content=\"4 minutos\" \/>\n<script type=\"application\/ld+json\" class=\"yoast-schema-graph\">{\"@context\":\"https:\\\/\\\/schema.org\",\"@graph\":[{\"@type\":\"WebPage\",\"@id\":\"https:\\\/\\\/www.montedomalhao.pt\\\/politica-de-privacidade\\\/\",\"url\":\"https:\\\/\\\/www.montedomalhao.pt\\\/politica-de-privacidade\\\/\",\"name\":\"Pol\u00edtica de Privacidad - Monte do Malh\u00e3o\",\"isPartOf\":{\"@id\":\"https:\\\/\\\/www.montedomalhao.pt\\\/#website\"},\"datePublished\":\"2024-02-19T20:52:30+00:00\",\"dateModified\":\"2024-11-13T16:22:28+00:00\",\"description\":\"Nos comprometemos a proteger su informaci\u00f3n personal y a garantizar su seguridad durante su visita a nuestro sitio.\",\"breadcrumb\":{\"@id\":\"https:\\\/\\\/www.montedomalhao.pt\\\/politica-de-privacidade\\\/#breadcrumb\"},\"inLanguage\":\"es\",\"potentialAction\":[{\"@type\":\"ReadAction\",\"target\":[\"https:\\\/\\\/www.montedomalhao.pt\\\/politica-de-privacidade\\\/\"]}]},{\"@type\":\"BreadcrumbList\",\"@id\":\"https:\\\/\\\/www.montedomalhao.pt\\\/politica-de-privacidade\\\/#breadcrumb\",\"itemListElement\":[{\"@type\":\"ListItem\",\"position\":1,\"name\":\"In\u00edcio\",\"item\":\"https:\\\/\\\/www.montedomalhao.pt\\\/\"},{\"@type\":\"ListItem\",\"position\":2,\"name\":\"Pol\u00edtica de Privacidad\"}]},{\"@type\":\"WebSite\",\"@id\":\"https:\\\/\\\/www.montedomalhao.pt\\\/#website\",\"url\":\"https:\\\/\\\/www.montedomalhao.pt\\\/\",\"name\":\"Monte do Malh\u00e3o\",\"description\":\"Monte do Malh\u00e3o\",\"publisher\":{\"@id\":\"https:\\\/\\\/www.montedomalhao.pt\\\/#organization\"},\"potentialAction\":[{\"@type\":\"SearchAction\",\"target\":{\"@type\":\"EntryPoint\",\"urlTemplate\":\"https:\\\/\\\/www.montedomalhao.pt\\\/?s={search_term_string}\"},\"query-input\":{\"@type\":\"PropertyValueSpecification\",\"valueRequired\":true,\"valueName\":\"search_term_string\"}}],\"inLanguage\":\"es\"},{\"@type\":\"Organization\",\"@id\":\"https:\\\/\\\/www.montedomalhao.pt\\\/#organization\",\"name\":\"Monte do Malh\u00e3o\",\"url\":\"https:\\\/\\\/www.montedomalhao.pt\\\/\",\"logo\":{\"@type\":\"ImageObject\",\"inLanguage\":\"es\",\"@id\":\"https:\\\/\\\/www.montedomalhao.pt\\\/#\\\/schema\\\/logo\\\/image\\\/\",\"url\":\"https:\\\/\\\/www.montedomalhao.pt\\\/wp-content\\\/uploads\\\/2024\\\/03\\\/MM-favicon-1080.png\",\"contentUrl\":\"https:\\\/\\\/www.montedomalhao.pt\\\/wp-content\\\/uploads\\\/2024\\\/03\\\/MM-favicon-1080.png\",\"width\":1080,\"height\":1080,\"caption\":\"Monte do Malh\u00e3o\"},\"image\":{\"@id\":\"https:\\\/\\\/www.montedomalhao.pt\\\/#\\\/schema\\\/logo\\\/image\\\/\"}}]}<\/script>\n<!-- \/ Yoast SEO plugin. -->","yoast_head_json":{"title":"Pol\u00edtica de Privacidad - Monte do Malh\u00e3o","description":"Nos comprometemos a proteger su informaci\u00f3n personal y a garantizar su seguridad durante su visita a nuestro sitio.","robots":{"index":"index","follow":"follow","max-snippet":"max-snippet:-1","max-image-preview":"max-image-preview:large","max-video-preview":"max-video-preview:-1"},"canonical":"https:\/\/www.montedomalhao.pt\/politica-de-privacidade\/","og_locale":"es_ES","og_type":"article","og_title":"Pol\u00edtica de Privacidad - Monte do Malh\u00e3o","og_description":"Nos comprometemos a proteger su informaci\u00f3n personal y a garantizar su seguridad durante su visita a nuestro sitio.","og_url":"https:\/\/www.montedomalhao.pt\/politica-de-privacidade\/","og_site_name":"Monte do Malh\u00e3o","article_modified_time":"2024-11-13T16:22:28+00:00","og_image":[{"width":498,"height":222,"url":"https:\/\/www.montedomalhao.pt\/wp-content\/uploads\/2024\/02\/Monte_do_Malhao-logo.png","type":"image\/png"}],"twitter_card":"summary_large_image","twitter_misc":{"Tiempo de lectura":"4 minutos"},"schema":{"@context":"https:\/\/schema.org","@graph":[{"@type":"WebPage","@id":"https:\/\/www.montedomalhao.pt\/politica-de-privacidade\/","url":"https:\/\/www.montedomalhao.pt\/politica-de-privacidade\/","name":"Pol\u00edtica de Privacidad - Monte do Malh\u00e3o","isPartOf":{"@id":"https:\/\/www.montedomalhao.pt\/#website"},"datePublished":"2024-02-19T20:52:30+00:00","dateModified":"2024-11-13T16:22:28+00:00","description":"Nos comprometemos a proteger su informaci\u00f3n personal y a garantizar su seguridad durante su visita a nuestro sitio.","breadcrumb":{"@id":"https:\/\/www.montedomalhao.pt\/politica-de-privacidade\/#breadcrumb"},"inLanguage":"es","potentialAction":[{"@type":"ReadAction","target":["https:\/\/www.montedomalhao.pt\/politica-de-privacidade\/"]}]},{"@type":"BreadcrumbList","@id":"https:\/\/www.montedomalhao.pt\/politica-de-privacidade\/#breadcrumb","itemListElement":[{"@type":"ListItem","position":1,"name":"In\u00edcio","item":"https:\/\/www.montedomalhao.pt\/"},{"@type":"ListItem","position":2,"name":"Pol\u00edtica de Privacidad"}]},{"@type":"WebSite","@id":"https:\/\/www.montedomalhao.pt\/#website","url":"https:\/\/www.montedomalhao.pt\/","name":"Monte do Malh\u00e3o","description":"Monte do Malh\u00e3o","publisher":{"@id":"https:\/\/www.montedomalhao.pt\/#organization"},"potentialAction":[{"@type":"SearchAction","target":{"@type":"EntryPoint","urlTemplate":"https:\/\/www.montedomalhao.pt\/?s={search_term_string}"},"query-input":{"@type":"PropertyValueSpecification","valueRequired":true,"valueName":"search_term_string"}}],"inLanguage":"es"},{"@type":"Organization","@id":"https:\/\/www.montedomalhao.pt\/#organization","name":"Monte do Malh\u00e3o","url":"https:\/\/www.montedomalhao.pt\/","logo":{"@type":"ImageObject","inLanguage":"es","@id":"https:\/\/www.montedomalhao.pt\/#\/schema\/logo\/image\/","url":"https:\/\/www.montedomalhao.pt\/wp-content\/uploads\/2024\/03\/MM-favicon-1080.png","contentUrl":"https:\/\/www.montedomalhao.pt\/wp-content\/uploads\/2024\/03\/MM-favicon-1080.png","width":1080,"height":1080,"caption":"Monte do Malh\u00e3o"},"image":{"@id":"https:\/\/www.montedomalhao.pt\/#\/schema\/logo\/image\/"}}]}},"_links":{"self":[{"href":"https:\/\/www.montedomalhao.pt\/es\/wp-json\/wp\/v2\/pages\/4857","targetHints":{"allow":["GET"]}}],"collection":[{"href":"https:\/\/www.montedomalhao.pt\/es\/wp-json\/wp\/v2\/pages"}],"about":[{"href":"https:\/\/www.montedomalhao.pt\/es\/wp-json\/wp\/v2\/types\/page"}],"author":[{"embeddable":true,"href":"https:\/\/www.montedomalhao.pt\/es\/wp-json\/wp\/v2\/users\/1"}],"replies":[{"embeddable":true,"href":"https:\/\/www.montedomalhao.pt\/es\/wp-json\/wp\/v2\/comments?post=4857"}],"version-history":[{"count":6,"href":"https:\/\/www.montedomalhao.pt\/es\/wp-json\/wp\/v2\/pages\/4857\/revisions"}],"predecessor-version":[{"id":5383,"href":"https:\/\/www.montedomalhao.pt\/es\/wp-json\/wp\/v2\/pages\/4857\/revisions\/5383"}],"wp:attachment":[{"href":"https:\/\/www.montedomalhao.pt\/es\/wp-json\/wp\/v2\/media?parent=4857"}],"curies":[{"name":"wp","href":"https:\/\/api.w.org\/{rel}","templated":true}]}}